{"id":7921,"date":"2018-04-21T21:05:06","date_gmt":"2018-04-22T00:05:06","guid":{"rendered":"https:\/\/www.partidogen.org.ar\/web\/?page_id=7921"},"modified":"2023-03-04T13:34:13","modified_gmt":"2023-03-04T16:34:13","slug":"actualidad","status":"publish","type":"page","link":"https:\/\/www.partidogen.org.ar\/web\/actualidad\/","title":{"rendered":"Actualidad"},"content":{"rendered":"\t\t<div data-elementor-type=\"wp-page\" data-elementor-id=\"7921\" class=\"elementor elementor-7921\">\n\t\t\t\t\t\t\t\t\t<section class=\"elementor-section elementor-top-section elementor-element elementor-element-ee8717b elementor-section-boxed elementor-section-height-default elementor-section-height-default\" data-id=\"ee8717b\" data-element_type=\"section\" data-settings=\"{&quot;background_background&quot;:&quot;classic&quot;}\">\n\t\t\t\t\t\t<div class=\"elementor-container elementor-column-gap-default\">\n\t\t\t\t\t<div class=\"elementor-column elementor-col-100 elementor-top-column elementor-element elementor-element-e56cf80\" data-id=\"e56cf80\" data-element_type=\"column\">\n\t\t\t<div class=\"elementor-widget-wrap elementor-element-populated\">\n\t\t\t\t\t\t\t\t<div class=\"elementor-element elementor-element-3b2b466 elementor-widget elementor-widget-image\" data-id=\"3b2b466\" data-element_type=\"widget\" data-widget_type=\"image.default\">\n\t\t\t\t<div class=\"elementor-widget-container\">\n\t\t\t<style>\/*! elementor - v3.13.3 - 22-05-2023 *\/\n.elementor-widget-image{text-align:center}.elementor-widget-image a{display:inline-block}.elementor-widget-image a img[src$=\".svg\"]{width:48px}.elementor-widget-image img{vertical-align:middle;display:inline-block}<\/style>\t\t\t\t\t\t\t\t\t\t\t\t<img loading=\"lazy\" decoding=\"async\" width=\"1232\" height=\"236\" src=\"https:\/\/www.partidogen.org.ar\/web\/wp-content\/uploads\/2022\/06\/banner-Somos-GEN-01.jpg\" class=\"attachment-full size-full wp-image-11464\" alt=\"\" srcset=\"https:\/\/www.partidogen.org.ar\/web\/wp-content\/uploads\/2022\/06\/banner-Somos-GEN-01.jpg 1232w, https:\/\/www.partidogen.org.ar\/web\/wp-content\/uploads\/2022\/06\/banner-Somos-GEN-01-300x57.jpg 300w, https:\/\/www.partidogen.org.ar\/web\/wp-content\/uploads\/2022\/06\/banner-Somos-GEN-01-768x147.jpg 768w, https:\/\/www.partidogen.org.ar\/web\/wp-content\/uploads\/2022\/06\/banner-Somos-GEN-01-1024x196.jpg 1024w\" sizes=\"auto, (max-width: 1232px) 100vw, 1232px\" \/>\t\t\t\t\t\t\t\t\t\t\t\t\t\t\t<\/div>\n\t\t\t\t<\/div>\n\t\t\t\t\t<\/div>\n\t\t<\/div>\n\t\t\t\t\t\t\t<\/div>\n\t\t<\/section>\n\t\t\t\t<section class=\"elementor-section elementor-top-section elementor-element elementor-element-9f78fbf elementor-section-boxed elementor-section-height-default elementor-section-height-default\" data-id=\"9f78fbf\" data-element_type=\"section\">\n\t\t\t\t\t\t<div class=\"elementor-container elementor-column-gap-default\">\n\t\t\t\t\t<div class=\"elementor-column elementor-col-100 elementor-top-column elementor-element elementor-element-952a6a5\" data-id=\"952a6a5\" data-element_type=\"column\">\n\t\t\t<div class=\"elementor-widget-wrap elementor-element-populated\">\n\t\t\t\t\t\t\t\t<div class=\"elementor-element elementor-element-d46a9bb elementor-grid-3 elementor-grid-tablet-2 elementor-grid-mobile-1 elementor-posts--thumbnail-top elementor-posts--show-avatar elementor-card-shadow-yes elementor-posts__hover-gradient load-more-align-center elementor-widget elementor-widget-posts\" data-id=\"d46a9bb\" data-element_type=\"widget\" data-settings=\"{&quot;pagination_type&quot;:&quot;load_more_on_click&quot;,&quot;cards_columns&quot;:&quot;3&quot;,&quot;cards_columns_tablet&quot;:&quot;2&quot;,&quot;cards_columns_mobile&quot;:&quot;1&quot;,&quot;cards_row_gap&quot;:{&quot;unit&quot;:&quot;px&quot;,&quot;size&quot;:35,&quot;sizes&quot;:[]},&quot;cards_row_gap_tablet&quot;:{&quot;unit&quot;:&quot;px&quot;,&quot;size&quot;:&quot;&quot;,&quot;sizes&quot;:[]},&quot;cards_row_gap_mobile&quot;:{&quot;unit&quot;:&quot;px&quot;,&quot;size&quot;:&quot;&quot;,&quot;sizes&quot;:[]},&quot;load_more_spinner&quot;:{&quot;value&quot;:&quot;fas fa-spinner&quot;,&quot;library&quot;:&quot;fa-solid&quot;}}\" data-widget_type=\"posts.cards\">\n\t\t\t\t<div class=\"elementor-widget-container\">\n\t\t\t<link rel=\"stylesheet\" href=\"https:\/\/www.partidogen.org.ar\/web\/wp-content\/plugins\/elementor-pro\/assets\/css\/widget-posts.min.css\">\t\t<div class=\"elementor-posts-container elementor-posts elementor-posts--skin-cards elementor-grid\">\n\t\t\t\t<article class=\"elementor-post elementor-grid-item post-14364 post type-post status-publish format-standard has-post-thumbnail hentry category-actualidad tag-venezuela\">\n\t\t\t<div class=\"elementor-post__card\">\n\t\t\t\t<a class=\"elementor-post__thumbnail__link\" href=\"https:\/\/www.partidogen.org.ar\/web\/el-gen-frente-a-la-situacion-de-venezuela\/\" ><div class=\"elementor-post__thumbnail\"><img loading=\"lazy\" decoding=\"async\" width=\"300\" height=\"199\" src=\"https:\/\/www.partidogen.org.ar\/web\/wp-content\/uploads\/2026\/01\/Venezuela-300x199.png\" class=\"attachment-medium size-medium wp-image-14366\" alt=\"\" srcset=\"https:\/\/www.partidogen.org.ar\/web\/wp-content\/uploads\/2026\/01\/Venezuela-300x199.png 300w, https:\/\/www.partidogen.org.ar\/web\/wp-content\/uploads\/2026\/01\/Venezuela-768x510.png 768w, https:\/\/www.partidogen.org.ar\/web\/wp-content\/uploads\/2026\/01\/Venezuela.png 996w\" sizes=\"auto, (max-width: 300px) 100vw, 300px\" \/><\/div><\/a>\n\t\t\t\t<div class=\"elementor-post__badge\">Venezuela<\/div>\n\t\t\t\t<div class=\"elementor-post__avatar\">\n\t\t\t\t\t<\/div>\n\t\t\t\t<div class=\"elementor-post__text\">\n\t\t\t\t<h3 class=\"elementor-post__title\">\n\t\t\t<a href=\"https:\/\/www.partidogen.org.ar\/web\/el-gen-frente-a-la-situacion-de-venezuela\/\" >\n\t\t\t\tEL GEN FRENTE A LA SITUACI\u00d3N DE VENEZUELA\t\t\t<\/a>\n\t\t<\/h3>\n\t\t\t\t<div class=\"elementor-post__excerpt\">\n\t\t\t\t\t<\/div>\n\t\t\n\t\t<a class=\"elementor-post__read-more\" href=\"https:\/\/www.partidogen.org.ar\/web\/el-gen-frente-a-la-situacion-de-venezuela\/\" aria-label=\"Read more about EL GEN FRENTE A LA SITUACI\u00d3N DE VENEZUELA\" >\n\t\t\tLeer M\u00e1s \u00bb\t\t<\/a>\n\n\t\t\t\t<\/div>\n\t\t\t\t<div class=\"elementor-post__meta-data\">\n\t\t\t\t\t<span class=\"elementor-post-date\">\n\t\t\t6 enero, 2026\t\t<\/span>\n\t\t\t\t<\/div>\n\t\t\t\t\t<\/div>\n\t\t<\/article>\n\t\t\t\t<article class=\"elementor-post elementor-grid-item post-14344 post type-post status-publish format-standard has-post-thumbnail hentry category-actualidad tag-encuentro\">\n\t\t\t<div class=\"elementor-post__card\">\n\t\t\t\t<a class=\"elementor-post__thumbnail__link\" href=\"https:\/\/www.partidogen.org.ar\/web\/argentina-necesita-acuerdos-no-extremos\/\" ><div class=\"elementor-post__thumbnail\"><img loading=\"lazy\" decoding=\"async\" width=\"240\" height=\"300\" src=\"https:\/\/www.partidogen.org.ar\/web\/wp-content\/uploads\/2025\/07\/Flyer-240x300.jpg\" class=\"attachment-medium size-medium wp-image-14345\" alt=\"\" srcset=\"https:\/\/www.partidogen.org.ar\/web\/wp-content\/uploads\/2025\/07\/Flyer-240x300.jpg 240w, https:\/\/www.partidogen.org.ar\/web\/wp-content\/uploads\/2025\/07\/Flyer.jpg 768w\" sizes=\"auto, (max-width: 240px) 100vw, 240px\" \/><\/div><\/a>\n\t\t\t\t<div class=\"elementor-post__badge\">Encuentro<\/div>\n\t\t\t\t<div class=\"elementor-post__avatar\">\n\t\t\t\t\t<\/div>\n\t\t\t\t<div class=\"elementor-post__text\">\n\t\t\t\t<h3 class=\"elementor-post__title\">\n\t\t\t<a href=\"https:\/\/www.partidogen.org.ar\/web\/argentina-necesita-acuerdos-no-extremos\/\" >\n\t\t\t\tArgentina necesita acuerdos, no extremos.\t\t\t<\/a>\n\t\t<\/h3>\n\t\t\t\t<div class=\"elementor-post__excerpt\">\n\t\t\t<p>Este jueves en un evento especial, te queremos escuchar.<\/p>\n<p>TE ESPERAMOS!<br \/>\n\u00bfVos qu\u00e9 pens\u00e1s que es lo m\u00e1s urgente para el pa\u00eds? <\/p>\n\t\t<\/div>\n\t\t\n\t\t<a class=\"elementor-post__read-more\" href=\"https:\/\/www.partidogen.org.ar\/web\/argentina-necesita-acuerdos-no-extremos\/\" aria-label=\"Read more about Argentina necesita acuerdos, no extremos.\" >\n\t\t\tLeer M\u00e1s \u00bb\t\t<\/a>\n\n\t\t\t\t<\/div>\n\t\t\t\t<div class=\"elementor-post__meta-data\">\n\t\t\t\t\t<span class=\"elementor-post-date\">\n\t\t\t1 julio, 2025\t\t<\/span>\n\t\t\t\t<\/div>\n\t\t\t\t\t<\/div>\n\t\t<\/article>\n\t\t\t\t<article class=\"elementor-post elementor-grid-item post-14311 post type-post status-publish format-standard has-post-thumbnail hentry category-chubut\">\n\t\t\t<div class=\"elementor-post__card\">\n\t\t\t\t<a class=\"elementor-post__thumbnail__link\" href=\"https:\/\/www.partidogen.org.ar\/web\/el-partido-gen-chubut-lanzo-la-agrupacion-espiritual-puentes-de-fe\/\" ><div class=\"elementor-post__thumbnail\"><img loading=\"lazy\" decoding=\"async\" width=\"300\" height=\"126\" src=\"https:\/\/www.partidogen.org.ar\/web\/wp-content\/uploads\/2025\/06\/DestacadaChubut12062025-300x126.jpg\" class=\"attachment-medium size-medium wp-image-14312\" alt=\"\" srcset=\"https:\/\/www.partidogen.org.ar\/web\/wp-content\/uploads\/2025\/06\/DestacadaChubut12062025-300x126.jpg 300w, https:\/\/www.partidogen.org.ar\/web\/wp-content\/uploads\/2025\/06\/DestacadaChubut12062025-1024x429.jpg 1024w, https:\/\/www.partidogen.org.ar\/web\/wp-content\/uploads\/2025\/06\/DestacadaChubut12062025-768x322.jpg 768w, https:\/\/www.partidogen.org.ar\/web\/wp-content\/uploads\/2025\/06\/DestacadaChubut12062025.jpg 1400w\" sizes=\"auto, (max-width: 300px) 100vw, 300px\" \/><\/div><\/a>\n\t\t\t\t<div class=\"elementor-post__avatar\">\n\t\t\t\t\t<\/div>\n\t\t\t\t<div class=\"elementor-post__text\">\n\t\t\t\t<h3 class=\"elementor-post__title\">\n\t\t\t<a href=\"https:\/\/www.partidogen.org.ar\/web\/el-partido-gen-chubut-lanzo-la-agrupacion-espiritual-puentes-de-fe\/\" >\n\t\t\t\tEL PARTIDO GEN \u2013 CHUBUT \u2013 LANZ\u00d3 LA AGRUPACI\u00d3N ESPIRITUAL \u201cPuentes de Fe\u201d\t\t\t<\/a>\n\t\t<\/h3>\n\t\t\t\t<div class=\"elementor-post__excerpt\">\n\t\t\t<p>La Agrupaci\u00f3n tiene como objetivo reunir a personas relacionadas con la fe, de distintas denominaciones y desde el mismo momento de ser constituida, se\u00f1alaron que \u201cest\u00e1 abierta a todos los afiliados que deseen participar, de cualquier denominaci\u00f3n religiosa, y por supuesto a quienes a\u00fan no est\u00e1n afiliados afiliados del Partido GEN, los invitamos gustosamente a formar parte de este equipo\u201d.<\/p>\n\t\t<\/div>\n\t\t\n\t\t<a class=\"elementor-post__read-more\" href=\"https:\/\/www.partidogen.org.ar\/web\/el-partido-gen-chubut-lanzo-la-agrupacion-espiritual-puentes-de-fe\/\" aria-label=\"Read more about EL PARTIDO GEN \u2013 CHUBUT \u2013 LANZ\u00d3 LA AGRUPACI\u00d3N ESPIRITUAL \u201cPuentes de Fe\u201d\" >\n\t\t\tLeer M\u00e1s \u00bb\t\t<\/a>\n\n\t\t\t\t<\/div>\n\t\t\t\t<div class=\"elementor-post__meta-data\">\n\t\t\t\t\t<span class=\"elementor-post-date\">\n\t\t\t12 junio, 2025\t\t<\/span>\n\t\t\t\t<\/div>\n\t\t\t\t\t<\/div>\n\t\t<\/article>\n\t\t\t\t<article class=\"elementor-post elementor-grid-item post-14302 post type-post status-publish format-standard has-post-thumbnail hentry category-chubut tag-convocatoria\">\n\t\t\t<div class=\"elementor-post__card\">\n\t\t\t\t<a class=\"elementor-post__thumbnail__link\" href=\"https:\/\/www.partidogen.org.ar\/web\/convocatoria-a-elecciones-internas-del-gen-chubut\/\" ><div class=\"elementor-post__thumbnail\"><img loading=\"lazy\" decoding=\"async\" width=\"300\" height=\"300\" src=\"https:\/\/www.partidogen.org.ar\/web\/wp-content\/uploads\/2023\/08\/PartidoGENChubut-300x300.jpg\" class=\"attachment-medium size-medium wp-image-13460\" alt=\"\" srcset=\"https:\/\/www.partidogen.org.ar\/web\/wp-content\/uploads\/2023\/08\/PartidoGENChubut-300x300.jpg 300w, https:\/\/www.partidogen.org.ar\/web\/wp-content\/uploads\/2023\/08\/PartidoGENChubut-150x150.jpg 150w, https:\/\/www.partidogen.org.ar\/web\/wp-content\/uploads\/2023\/08\/PartidoGENChubut.jpg 500w\" sizes=\"auto, (max-width: 300px) 100vw, 300px\" \/><\/div><\/a>\n\t\t\t\t<div class=\"elementor-post__badge\">Convocatoria<\/div>\n\t\t\t\t<div class=\"elementor-post__avatar\">\n\t\t\t\t\t<\/div>\n\t\t\t\t<div class=\"elementor-post__text\">\n\t\t\t\t<h3 class=\"elementor-post__title\">\n\t\t\t<a href=\"https:\/\/www.partidogen.org.ar\/web\/convocatoria-a-elecciones-internas-del-gen-chubut\/\" >\n\t\t\t\tConvocatoria a Elecciones internas del GEN Chubut\t\t\t<\/a>\n\t\t<\/h3>\n\t\t\t\t<div class=\"elementor-post__excerpt\">\n\t\t\tCONVOCATORIA PARTIDO_GEN_N69_DISTRITO_CHUBUTDescarga\t\t<\/div>\n\t\t\n\t\t<a class=\"elementor-post__read-more\" href=\"https:\/\/www.partidogen.org.ar\/web\/convocatoria-a-elecciones-internas-del-gen-chubut\/\" aria-label=\"Read more about Convocatoria a Elecciones internas del GEN Chubut\" >\n\t\t\tLeer M\u00e1s \u00bb\t\t<\/a>\n\n\t\t\t\t<\/div>\n\t\t\t\t<div class=\"elementor-post__meta-data\">\n\t\t\t\t\t<span class=\"elementor-post-date\">\n\t\t\t29 mayo, 2025\t\t<\/span>\n\t\t\t\t<\/div>\n\t\t\t\t\t<\/div>\n\t\t<\/article>\n\t\t\t\t<article class=\"elementor-post elementor-grid-item post-14283 post type-post status-publish format-standard has-post-thumbnail hentry category-actualidad tag-acuerdo-con-el-fmi\">\n\t\t\t<div class=\"elementor-post__card\">\n\t\t\t\t<a class=\"elementor-post__thumbnail__link\" href=\"https:\/\/www.partidogen.org.ar\/web\/solicitud-de-informacion-sobre-el-acuerdo-con-el-fondo-monetario-internacional\/\" ><div class=\"elementor-post__thumbnail\"><img loading=\"lazy\" decoding=\"async\" width=\"212\" height=\"300\" src=\"https:\/\/www.partidogen.org.ar\/web\/wp-content\/uploads\/2025\/03\/AcuerdoConFMIMarzo2025-212x300.jpeg\" class=\"attachment-medium size-medium wp-image-14284\" alt=\"\" srcset=\"https:\/\/www.partidogen.org.ar\/web\/wp-content\/uploads\/2025\/03\/AcuerdoConFMIMarzo2025-212x300.jpeg 212w, https:\/\/www.partidogen.org.ar\/web\/wp-content\/uploads\/2025\/03\/AcuerdoConFMIMarzo2025-724x1024.jpeg 724w, https:\/\/www.partidogen.org.ar\/web\/wp-content\/uploads\/2025\/03\/AcuerdoConFMIMarzo2025-768x1086.jpeg 768w, https:\/\/www.partidogen.org.ar\/web\/wp-content\/uploads\/2025\/03\/AcuerdoConFMIMarzo2025-1086x1536.jpeg 1086w, https:\/\/www.partidogen.org.ar\/web\/wp-content\/uploads\/2025\/03\/AcuerdoConFMIMarzo2025.jpeg 1131w\" sizes=\"auto, (max-width: 212px) 100vw, 212px\" \/><\/div><\/a>\n\t\t\t\t<div class=\"elementor-post__badge\">Acuerdo con el FMI<\/div>\n\t\t\t\t<div class=\"elementor-post__avatar\">\n\t\t\t\t\t<\/div>\n\t\t\t\t<div class=\"elementor-post__text\">\n\t\t\t\t<h3 class=\"elementor-post__title\">\n\t\t\t<a href=\"https:\/\/www.partidogen.org.ar\/web\/solicitud-de-informacion-sobre-el-acuerdo-con-el-fondo-monetario-internacional\/\" >\n\t\t\t\tSolicitud de informaci\u00f3n sobre el acuerdo con el Fondo Monetario Internacional\t\t\t<\/a>\n\t\t<\/h3>\n\t\t\t\t<div class=\"elementor-post__excerpt\">\n\t\t\t<p>Exigimos que expliquen el acuerdo con el Fondo <\/p>\n\t\t<\/div>\n\t\t\n\t\t<a class=\"elementor-post__read-more\" href=\"https:\/\/www.partidogen.org.ar\/web\/solicitud-de-informacion-sobre-el-acuerdo-con-el-fondo-monetario-internacional\/\" aria-label=\"Read more about Solicitud de informaci\u00f3n sobre el acuerdo con el Fondo Monetario Internacional\" >\n\t\t\tLeer M\u00e1s \u00bb\t\t<\/a>\n\n\t\t\t\t<\/div>\n\t\t\t\t<div class=\"elementor-post__meta-data\">\n\t\t\t\t\t<span class=\"elementor-post-date\">\n\t\t\t14 marzo, 2025\t\t<\/span>\n\t\t\t\t<\/div>\n\t\t\t\t\t<\/div>\n\t\t<\/article>\n\t\t\t\t<article class=\"elementor-post elementor-grid-item post-14270 post type-post status-publish format-standard hentry category-actualidad category-declaracion-partido-gen tag-declaracion-partido-gen\">\n\t\t\t<div class=\"elementor-post__card\">\n\t\t\t\t<div class=\"elementor-post__text\">\n\t\t\t\t<h3 class=\"elementor-post__title\">\n\t\t\t<a href=\"https:\/\/www.partidogen.org.ar\/web\/el-partido-gen-rechaza-las-explicaciones-por-la-promocion-presidencial-de-libra\/\" >\n\t\t\t\tEL PARTIDO GEN RECHAZA LAS EXPLICACIONES POR LA PROMOCI\u00d3N PRESIDENCIAL DE $LIBRA\t\t\t<\/a>\n\t\t<\/h3>\n\t\t\t\t<div class=\"elementor-post__excerpt\">\n\t\t\t<p>Consideramos de extrema gravedad la reciente promoci\u00f3n del token $LIBRA desde la cuenta oficial del presidente Javier Milei. No por apoyar una empresa, sino por difundir irresponsablemente un activo financiero especulativo sin regulaci\u00f3n ni resguardos. \u201cNo estaba interiorizado\u201d, reconoci\u00f3 el propio presidente.<\/p>\n\t\t<\/div>\n\t\t\n\t\t<a class=\"elementor-post__read-more\" href=\"https:\/\/www.partidogen.org.ar\/web\/el-partido-gen-rechaza-las-explicaciones-por-la-promocion-presidencial-de-libra\/\" aria-label=\"Read more about EL PARTIDO GEN RECHAZA LAS EXPLICACIONES POR LA PROMOCI\u00d3N PRESIDENCIAL DE $LIBRA\" >\n\t\t\tLeer M\u00e1s \u00bb\t\t<\/a>\n\n\t\t\t\t<\/div>\n\t\t\t\t<div class=\"elementor-post__meta-data\">\n\t\t\t\t\t<span class=\"elementor-post-date\">\n\t\t\t16 febrero, 2025\t\t<\/span>\n\t\t\t\t<\/div>\n\t\t\t\t\t<\/div>\n\t\t<\/article>\n\t\t\t\t<article class=\"elementor-post elementor-grid-item post-14262 post type-post status-publish format-standard hentry category-actualidad category-declaracion-partido-gen tag-declaracion-partido-gen\">\n\t\t\t<div class=\"elementor-post__card\">\n\t\t\t\t<div class=\"elementor-post__text\">\n\t\t\t\t<h3 class=\"elementor-post__title\">\n\t\t\t<a href=\"https:\/\/www.partidogen.org.ar\/web\/un-ano-de-gestion-con-algun-acierto-y-demasiados-retrocesos\/\" >\n\t\t\t\tUN A\u00d1O DE GESTI\u00d3N CON ALG\u00daN ACIERTO Y DEMASIADOS RETROCESOS\t\t\t<\/a>\n\t\t<\/h3>\n\t\t\t\t<div class=\"elementor-post__excerpt\">\n\t\t\t<p>El Partido GEN Nacional se reuni\u00f3 en Buenos Aires con la presencia de delegados de la Ciudad de Buenos Aires y de las provincias de Buenos Aires, C\u00f3rdoba, Santa Fe, Entre R\u00edos, San Luis, Chubut, San Juan y Catamarca para analizar la situaci\u00f3n pol\u00edtica y socio econ\u00f3mica, tras lo cual declaran:\u00a0<\/p>\n\t\t<\/div>\n\t\t\n\t\t<a class=\"elementor-post__read-more\" href=\"https:\/\/www.partidogen.org.ar\/web\/un-ano-de-gestion-con-algun-acierto-y-demasiados-retrocesos\/\" aria-label=\"Read more about UN A\u00d1O DE GESTI\u00d3N CON ALG\u00daN ACIERTO Y DEMASIADOS RETROCESOS\" >\n\t\t\tLeer M\u00e1s \u00bb\t\t<\/a>\n\n\t\t\t\t<\/div>\n\t\t\t\t<div class=\"elementor-post__meta-data\">\n\t\t\t\t\t<span class=\"elementor-post-date\">\n\t\t\t13 diciembre, 2024\t\t<\/span>\n\t\t\t\t<\/div>\n\t\t\t\t\t<\/div>\n\t\t<\/article>\n\t\t\t\t<article class=\"elementor-post elementor-grid-item post-14238 post type-post status-publish format-standard has-post-thumbnail hentry category-actualidad tag-ficha-limpia\">\n\t\t\t<div class=\"elementor-post__card\">\n\t\t\t\t<a class=\"elementor-post__thumbnail__link\" href=\"https:\/\/www.partidogen.org.ar\/web\/por-que-pensas-que-la-voltearon\/\" ><div class=\"elementor-post__thumbnail\"><img loading=\"lazy\" decoding=\"async\" width=\"179\" height=\"300\" src=\"https:\/\/www.partidogen.org.ar\/web\/wp-content\/uploads\/2024\/12\/AbrevayaFichaLimpia-179x300.png\" class=\"attachment-medium size-medium wp-image-14239\" alt=\"\" srcset=\"https:\/\/www.partidogen.org.ar\/web\/wp-content\/uploads\/2024\/12\/AbrevayaFichaLimpia-179x300.png 179w, https:\/\/www.partidogen.org.ar\/web\/wp-content\/uploads\/2024\/12\/AbrevayaFichaLimpia-613x1024.png 613w, https:\/\/www.partidogen.org.ar\/web\/wp-content\/uploads\/2024\/12\/AbrevayaFichaLimpia-768x1284.png 768w, https:\/\/www.partidogen.org.ar\/web\/wp-content\/uploads\/2024\/12\/AbrevayaFichaLimpia-919x1536.png 919w, https:\/\/www.partidogen.org.ar\/web\/wp-content\/uploads\/2024\/12\/AbrevayaFichaLimpia.png 1048w\" sizes=\"auto, (max-width: 179px) 100vw, 179px\" \/><\/div><\/a>\n\t\t\t\t<div class=\"elementor-post__badge\">Ficha limpia<\/div>\n\t\t\t\t<div class=\"elementor-post__avatar\">\n\t\t\t\t\t<\/div>\n\t\t\t\t<div class=\"elementor-post__text\">\n\t\t\t\t<h3 class=\"elementor-post__title\">\n\t\t\t<a href=\"https:\/\/www.partidogen.org.ar\/web\/por-que-pensas-que-la-voltearon\/\" >\n\t\t\t\t\u00bfPor qu\u00e9 pens\u00e1s que la voltearon?\t\t\t<\/a>\n\t\t<\/h3>\n\t\t\t\t<div class=\"elementor-post__excerpt\">\n\t\t\t<p>Otra vez la casta elige protegerse a s\u00ed misma. El oficialismo y sus aliados se unieron para bloquear un proyecto que busca algo b\u00e1sico: que quienes tienen condenas por corrupci\u00f3n no puedan ser candidatos. No vamos a dejar de pelear por un sistema pol\u00edtico m\u00e1s genuino y transparente.<\/p>\n\t\t<\/div>\n\t\t\n\t\t<a class=\"elementor-post__read-more\" href=\"https:\/\/www.partidogen.org.ar\/web\/por-que-pensas-que-la-voltearon\/\" aria-label=\"Read more about \u00bfPor qu\u00e9 pens\u00e1s que la voltearon?\" >\n\t\t\tLeer M\u00e1s \u00bb\t\t<\/a>\n\n\t\t\t\t<\/div>\n\t\t\t\t<div class=\"elementor-post__meta-data\">\n\t\t\t\t\t<span class=\"elementor-post-date\">\n\t\t\t5 diciembre, 2024\t\t<\/span>\n\t\t\t\t<\/div>\n\t\t\t\t\t<\/div>\n\t\t<\/article>\n\t\t\t\t<article class=\"elementor-post elementor-grid-item post-14246 post type-post status-publish format-standard hentry category-actualidad category-declaracion-partido-gen tag-comunicado-gen\">\n\t\t\t<div class=\"elementor-post__card\">\n\t\t\t\t<div class=\"elementor-post__text\">\n\t\t\t\t<h3 class=\"elementor-post__title\">\n\t\t\t<a href=\"https:\/\/www.partidogen.org.ar\/web\/comunicado-oficial-del-partido-gen\/\" >\n\t\t\t\tREPUDIAMOS LAS AMENAZAS NARCO QUE ATENTAN CONTRA LA DEMOCRACIA\t\t\t<\/a>\n\t\t<\/h3>\n\t\t\t\t<div class=\"elementor-post__excerpt\">\n\t\t\t<p>Desde el Partido GEN repudiamos las amenazas dirigidas contra Patricia Bullrich (Ministra de Seguridad de la Naci\u00f3n) y Maximiliano Pullaro (Gobernador de Santa Fe), as\u00ed<\/p>\n\t\t<\/div>\n\t\t\n\t\t<a class=\"elementor-post__read-more\" href=\"https:\/\/www.partidogen.org.ar\/web\/comunicado-oficial-del-partido-gen\/\" aria-label=\"Read more about REPUDIAMOS LAS AMENAZAS NARCO QUE ATENTAN CONTRA LA DEMOCRACIA\" >\n\t\t\tLeer M\u00e1s \u00bb\t\t<\/a>\n\n\t\t\t\t<\/div>\n\t\t\t\t<div class=\"elementor-post__meta-data\">\n\t\t\t\t\t<span class=\"elementor-post-date\">\n\t\t\t3 diciembre, 2024\t\t<\/span>\n\t\t\t\t<\/div>\n\t\t\t\t\t<\/div>\n\t\t<\/article>\n\t\t\t\t<article class=\"elementor-post elementor-grid-item post-14232 post type-post status-publish format-standard has-post-thumbnail hentry category-actualidad tag-ludopatia-online\">\n\t\t\t<div class=\"elementor-post__card\">\n\t\t\t\t<a class=\"elementor-post__thumbnail__link\" href=\"https:\/\/www.partidogen.org.ar\/web\/media-sancion-del-proyecto-contra-la-ludopatia-online\/\" ><div class=\"elementor-post__thumbnail\"><img loading=\"lazy\" decoding=\"async\" width=\"187\" height=\"300\" src=\"https:\/\/www.partidogen.org.ar\/web\/wp-content\/uploads\/2024\/12\/AbrevayaLudopatia-187x300.png\" class=\"attachment-medium size-medium wp-image-14233\" alt=\"\" srcset=\"https:\/\/www.partidogen.org.ar\/web\/wp-content\/uploads\/2024\/12\/AbrevayaLudopatia-187x300.png 187w, https:\/\/www.partidogen.org.ar\/web\/wp-content\/uploads\/2024\/12\/AbrevayaLudopatia-638x1024.png 638w, https:\/\/www.partidogen.org.ar\/web\/wp-content\/uploads\/2024\/12\/AbrevayaLudopatia-768x1233.png 768w, https:\/\/www.partidogen.org.ar\/web\/wp-content\/uploads\/2024\/12\/AbrevayaLudopatia-957x1536.png 957w, https:\/\/www.partidogen.org.ar\/web\/wp-content\/uploads\/2024\/12\/AbrevayaLudopatia.png 1040w\" sizes=\"auto, (max-width: 187px) 100vw, 187px\" \/><\/div><\/a>\n\t\t\t\t<div class=\"elementor-post__badge\">ludopat\u00eda online<\/div>\n\t\t\t\t<div class=\"elementor-post__avatar\">\n\t\t\t\t\t<\/div>\n\t\t\t\t<div class=\"elementor-post__text\">\n\t\t\t\t<h3 class=\"elementor-post__title\">\n\t\t\t<a href=\"https:\/\/www.partidogen.org.ar\/web\/media-sancion-del-proyecto-contra-la-ludopatia-online\/\" >\n\t\t\t\tMedia sanci\u00f3n del proyecto contra la ludopat\u00eda online\t\t\t<\/a>\n\t\t<\/h3>\n\t\t\t\t<div class=\"elementor-post__excerpt\">\n\t\t\t<p>La media sanci\u00f3n del proyecto contra la ludopat\u00eda online en adolescentes es un paso clave para proteger a los menores. Pero todav\u00eda falta. Ahora vamos por los \u00abcajeros\u00bb y las webs truchas.<\/p>\n\t\t<\/div>\n\t\t\n\t\t<a class=\"elementor-post__read-more\" href=\"https:\/\/www.partidogen.org.ar\/web\/media-sancion-del-proyecto-contra-la-ludopatia-online\/\" aria-label=\"Read more about Media sanci\u00f3n del proyecto contra la ludopat\u00eda online\" >\n\t\t\tLeer M\u00e1s \u00bb\t\t<\/a>\n\n\t\t\t\t<\/div>\n\t\t\t\t<div class=\"elementor-post__meta-data\">\n\t\t\t\t\t<span class=\"elementor-post-date\">\n\t\t\t3 diciembre, 2024\t\t<\/span>\n\t\t\t\t<\/div>\n\t\t\t\t\t<\/div>\n\t\t<\/article>\n\t\t\t\t<article class=\"elementor-post elementor-grid-item post-14229 post type-post status-publish format-standard has-post-thumbnail hentry category-actualidad tag-ciberapuestas-y-ludopatia\">\n\t\t\t<div class=\"elementor-post__card\">\n\t\t\t\t<a class=\"elementor-post__thumbnail__link\" href=\"https:\/\/www.partidogen.org.ar\/web\/diputada-margarita-stolbizer-sesion-27-11-2024-ciberapuestas-y-ludopatia\/\" ><div class=\"elementor-post__thumbnail\"><img loading=\"lazy\" decoding=\"async\" width=\"300\" height=\"168\" src=\"https:\/\/www.partidogen.org.ar\/web\/wp-content\/uploads\/2024\/12\/MS-28112024Sesion-300x168.png\" class=\"attachment-medium size-medium wp-image-14230\" alt=\"\" srcset=\"https:\/\/www.partidogen.org.ar\/web\/wp-content\/uploads\/2024\/12\/MS-28112024Sesion-300x168.png 300w, https:\/\/www.partidogen.org.ar\/web\/wp-content\/uploads\/2024\/12\/MS-28112024Sesion-1024x573.png 1024w, https:\/\/www.partidogen.org.ar\/web\/wp-content\/uploads\/2024\/12\/MS-28112024Sesion-768x430.png 768w, https:\/\/www.partidogen.org.ar\/web\/wp-content\/uploads\/2024\/12\/MS-28112024Sesion-1536x860.png 1536w, https:\/\/www.partidogen.org.ar\/web\/wp-content\/uploads\/2024\/12\/MS-28112024Sesion.png 1672w\" sizes=\"auto, (max-width: 300px) 100vw, 300px\" \/><\/div><\/a>\n\t\t\t\t<div class=\"elementor-post__badge\">CIBERAPUESTAS Y LUDOPAT\u00cdA<\/div>\n\t\t\t\t<div class=\"elementor-post__avatar\">\n\t\t\t\t\t<\/div>\n\t\t\t\t<div class=\"elementor-post__text\">\n\t\t\t\t<h3 class=\"elementor-post__title\">\n\t\t\t<a href=\"https:\/\/www.partidogen.org.ar\/web\/diputada-margarita-stolbizer-sesion-27-11-2024-ciberapuestas-y-ludopatia\/\" >\n\t\t\t\tDiputada Margarita Stolbizer Sesi\u00f3n 27 11 2024 CIBERAPUESTAS Y LUDOPAT\u00cdA\t\t\t<\/a>\n\t\t<\/h3>\n\t\t\t\t<div class=\"elementor-post__excerpt\">\n\t\t\t<p>A fin de considerar: CIBERAPUESTAS Y LUDOPAT\u00cdA. \u25fd &#8211; Orden del d\u00eda 661, ley de prevenci\u00f3n de ludopat\u00eda y regulaci\u00f3n de juegos de azar y<\/p>\n\t\t<\/div>\n\t\t\n\t\t<a class=\"elementor-post__read-more\" href=\"https:\/\/www.partidogen.org.ar\/web\/diputada-margarita-stolbizer-sesion-27-11-2024-ciberapuestas-y-ludopatia\/\" aria-label=\"Read more about Diputada Margarita Stolbizer Sesi\u00f3n 27 11 2024 CIBERAPUESTAS Y LUDOPAT\u00cdA\" >\n\t\t\tLeer M\u00e1s \u00bb\t\t<\/a>\n\n\t\t\t\t<\/div>\n\t\t\t\t<div class=\"elementor-post__meta-data\">\n\t\t\t\t\t<span class=\"elementor-post-date\">\n\t\t\t28 noviembre, 2024\t\t<\/span>\n\t\t\t\t<\/div>\n\t\t\t\t\t<\/div>\n\t\t<\/article>\n\t\t\t\t<article class=\"elementor-post elementor-grid-item post-14224 post type-post status-publish format-standard has-post-thumbnail hentry category-actualidad category-sergio-abrevaya tag-prepagas\">\n\t\t\t<div class=\"elementor-post__card\">\n\t\t\t\t<a class=\"elementor-post__thumbnail__link\" href=\"https:\/\/www.partidogen.org.ar\/web\/las-prepagas-aumentan-los-precios-y-ajustan-la-prestacion-el-gobierno-las-deja-y-les-da-ventaja-economica-te-explico-lo-que-hay-detras\/\" ><div class=\"elementor-post__thumbnail\"><img loading=\"lazy\" decoding=\"async\" width=\"183\" height=\"300\" src=\"https:\/\/www.partidogen.org.ar\/web\/wp-content\/uploads\/2024\/11\/SergioAbrevayaPrepagas13112024Destacada-183x300.png\" class=\"attachment-medium size-medium wp-image-14225\" alt=\"\" srcset=\"https:\/\/www.partidogen.org.ar\/web\/wp-content\/uploads\/2024\/11\/SergioAbrevayaPrepagas13112024Destacada-183x300.png 183w, https:\/\/www.partidogen.org.ar\/web\/wp-content\/uploads\/2024\/11\/SergioAbrevayaPrepagas13112024Destacada-624x1024.png 624w, https:\/\/www.partidogen.org.ar\/web\/wp-content\/uploads\/2024\/11\/SergioAbrevayaPrepagas13112024Destacada-768x1261.png 768w, https:\/\/www.partidogen.org.ar\/web\/wp-content\/uploads\/2024\/11\/SergioAbrevayaPrepagas13112024Destacada-936x1536.png 936w, https:\/\/www.partidogen.org.ar\/web\/wp-content\/uploads\/2024\/11\/SergioAbrevayaPrepagas13112024Destacada.png 1060w\" sizes=\"auto, (max-width: 183px) 100vw, 183px\" \/><\/div><\/a>\n\t\t\t\t<div class=\"elementor-post__badge\">Prepagas<\/div>\n\t\t\t\t<div class=\"elementor-post__avatar\">\n\t\t\t\t\t<\/div>\n\t\t\t\t<div class=\"elementor-post__text\">\n\t\t\t\t<h3 class=\"elementor-post__title\">\n\t\t\t<a href=\"https:\/\/www.partidogen.org.ar\/web\/las-prepagas-aumentan-los-precios-y-ajustan-la-prestacion-el-gobierno-las-deja-y-les-da-ventaja-economica-te-explico-lo-que-hay-detras\/\" >\n\t\t\t\t\u201cLas prepagas aumentan los precios y ajustan la prestaci\u00f3n. El gobierno las deja y les da ventaja econ\u00f3mica. Te explico lo que hay detr\u00e1s\u201d\t\t\t<\/a>\n\t\t<\/h3>\n\t\t\t\t<div class=\"elementor-post__excerpt\">\n\t\t\t\t\t<\/div>\n\t\t\n\t\t<a class=\"elementor-post__read-more\" href=\"https:\/\/www.partidogen.org.ar\/web\/las-prepagas-aumentan-los-precios-y-ajustan-la-prestacion-el-gobierno-las-deja-y-les-da-ventaja-economica-te-explico-lo-que-hay-detras\/\" aria-label=\"Read more about \u201cLas prepagas aumentan los precios y ajustan la prestaci\u00f3n. El gobierno las deja y les da ventaja econ\u00f3mica. Te explico lo que hay detr\u00e1s\u201d\" >\n\t\t\tLeer M\u00e1s \u00bb\t\t<\/a>\n\n\t\t\t\t<\/div>\n\t\t\t\t<div class=\"elementor-post__meta-data\">\n\t\t\t\t\t<span class=\"elementor-post-date\">\n\t\t\t13 noviembre, 2024\t\t<\/span>\n\t\t\t\t<\/div>\n\t\t\t\t\t<\/div>\n\t\t<\/article>\n\t\t\t\t<article class=\"elementor-post elementor-grid-item post-14216 post type-post status-publish format-standard has-post-thumbnail hentry category-actualidad tag-bioeconomia\">\n\t\t\t<div class=\"elementor-post__card\">\n\t\t\t\t<a class=\"elementor-post__thumbnail__link\" href=\"https:\/\/www.partidogen.org.ar\/web\/margarita-stolbizer-la-bioeconomia-es-un-proceso-de-transformacion-para-mejorar-la-vida-de-las-personas\/\" ><div class=\"elementor-post__thumbnail\"><img loading=\"lazy\" decoding=\"async\" width=\"300\" height=\"169\" src=\"https:\/\/www.partidogen.org.ar\/web\/wp-content\/uploads\/2024\/11\/MS11112024-1-300x169.png\" class=\"attachment-medium size-medium wp-image-14218\" alt=\"\" srcset=\"https:\/\/www.partidogen.org.ar\/web\/wp-content\/uploads\/2024\/11\/MS11112024-1-300x169.png 300w, https:\/\/www.partidogen.org.ar\/web\/wp-content\/uploads\/2024\/11\/MS11112024-1-1024x576.png 1024w, https:\/\/www.partidogen.org.ar\/web\/wp-content\/uploads\/2024\/11\/MS11112024-1-768x432.png 768w, https:\/\/www.partidogen.org.ar\/web\/wp-content\/uploads\/2024\/11\/MS11112024-1-1536x864.png 1536w, https:\/\/www.partidogen.org.ar\/web\/wp-content\/uploads\/2024\/11\/MS11112024-1.png 1896w\" sizes=\"auto, (max-width: 300px) 100vw, 300px\" \/><\/div><\/a>\n\t\t\t\t<div class=\"elementor-post__badge\">Bioeconomia<\/div>\n\t\t\t\t<div class=\"elementor-post__avatar\">\n\t\t\t\t\t<\/div>\n\t\t\t\t<div class=\"elementor-post__text\">\n\t\t\t\t<h3 class=\"elementor-post__title\">\n\t\t\t<a href=\"https:\/\/www.partidogen.org.ar\/web\/margarita-stolbizer-la-bioeconomia-es-un-proceso-de-transformacion-para-mejorar-la-vida-de-las-personas\/\" >\n\t\t\t\tMargarita Stolbizer: \u201cLa bioeconom\u00eda es un proceso de transformaci\u00f3n para mejorar la vida de las personas\u00bb\t\t\t<\/a>\n\t\t<\/h3>\n\t\t\t\t<div class=\"elementor-post__excerpt\">\n\t\t\t<p>La diputada nacional comparti\u00f3 su visi\u00f3n sobre la econom\u00eda y el rol de la pol\u00edtica. Habl\u00f3 de la importancia de la tierra, la ciencia, y<\/p>\n\t\t<\/div>\n\t\t\n\t\t<a class=\"elementor-post__read-more\" href=\"https:\/\/www.partidogen.org.ar\/web\/margarita-stolbizer-la-bioeconomia-es-un-proceso-de-transformacion-para-mejorar-la-vida-de-las-personas\/\" aria-label=\"Read more about Margarita Stolbizer: \u201cLa bioeconom\u00eda es un proceso de transformaci\u00f3n para mejorar la vida de las personas\u00bb\" >\n\t\t\tLeer M\u00e1s \u00bb\t\t<\/a>\n\n\t\t\t\t<\/div>\n\t\t\t\t<div class=\"elementor-post__meta-data\">\n\t\t\t\t\t<span class=\"elementor-post-date\">\n\t\t\t11 noviembre, 2024\t\t<\/span>\n\t\t\t\t<\/div>\n\t\t\t\t\t<\/div>\n\t\t<\/article>\n\t\t\t\t<article class=\"elementor-post elementor-grid-item post-14211 post type-post status-publish format-standard has-post-thumbnail hentry category-actualidad category-chubut tag-chubut\">\n\t\t\t<div class=\"elementor-post__card\">\n\t\t\t\t<a class=\"elementor-post__thumbnail__link\" href=\"https:\/\/www.partidogen.org.ar\/web\/urbano-la-salud-en-chubut-requiere-cambios-estructurales-profundos-en-forma-urgente\/\" ><div class=\"elementor-post__thumbnail\"><img loading=\"lazy\" decoding=\"async\" width=\"300\" height=\"186\" src=\"https:\/\/www.partidogen.org.ar\/web\/wp-content\/uploads\/2024\/10\/Chubut30102024-300x186.jpg\" class=\"attachment-medium size-medium wp-image-14212\" alt=\"\" srcset=\"https:\/\/www.partidogen.org.ar\/web\/wp-content\/uploads\/2024\/10\/Chubut30102024-300x186.jpg 300w, https:\/\/www.partidogen.org.ar\/web\/wp-content\/uploads\/2024\/10\/Chubut30102024-1024x634.jpg 1024w, https:\/\/www.partidogen.org.ar\/web\/wp-content\/uploads\/2024\/10\/Chubut30102024-768x476.jpg 768w, https:\/\/www.partidogen.org.ar\/web\/wp-content\/uploads\/2024\/10\/Chubut30102024.jpg 1500w\" sizes=\"auto, (max-width: 300px) 100vw, 300px\" \/><\/div><\/a>\n\t\t\t\t<div class=\"elementor-post__badge\">Chubut<\/div>\n\t\t\t\t<div class=\"elementor-post__avatar\">\n\t\t\t\t\t<\/div>\n\t\t\t\t<div class=\"elementor-post__text\">\n\t\t\t\t<h3 class=\"elementor-post__title\">\n\t\t\t<a href=\"https:\/\/www.partidogen.org.ar\/web\/urbano-la-salud-en-chubut-requiere-cambios-estructurales-profundos-en-forma-urgente\/\" >\n\t\t\t\tUrbano: \u00abLa Salud en Chubut requiere cambios estructurales profundos en forma urgente\u00bb\t\t\t<\/a>\n\t\t<\/h3>\n\t\t\t\t<div class=\"elementor-post__excerpt\">\n\t\t\t<p>As\u00ed lo expres\u00f3 Fernando Urbano, m\u00e9dico pediatra quien disert\u00f3 en un Conversatorio organizado por el GEN d\u00edas pasados, refiri\u00e9ndose a la situaci\u00f3n de la Salud en la provincia del Chubut.<\/p>\n\t\t<\/div>\n\t\t\n\t\t<a class=\"elementor-post__read-more\" href=\"https:\/\/www.partidogen.org.ar\/web\/urbano-la-salud-en-chubut-requiere-cambios-estructurales-profundos-en-forma-urgente\/\" aria-label=\"Read more about Urbano: \u00abLa Salud en Chubut requiere cambios estructurales profundos en forma urgente\u00bb\" >\n\t\t\tLeer M\u00e1s \u00bb\t\t<\/a>\n\n\t\t\t\t<\/div>\n\t\t\t\t<div class=\"elementor-post__meta-data\">\n\t\t\t\t\t<span class=\"elementor-post-date\">\n\t\t\t31 octubre, 2024\t\t<\/span>\n\t\t\t\t<\/div>\n\t\t\t\t\t<\/div>\n\t\t<\/article>\n\t\t\t\t<article class=\"elementor-post elementor-grid-item post-14208 post type-post status-publish format-standard has-post-thumbnail hentry category-actualidad category-podcast-habitemos-la-democracia tag-habitemos-la-democracia\">\n\t\t\t<div class=\"elementor-post__card\">\n\t\t\t\t<a class=\"elementor-post__thumbnail__link\" href=\"https:\/\/www.partidogen.org.ar\/web\/habitemos-la-democracia-episodio-11-sebastian-calderon-pedraza\/\" ><div class=\"elementor-post__thumbnail\"><img loading=\"lazy\" decoding=\"async\" width=\"300\" height=\"273\" src=\"https:\/\/www.partidogen.org.ar\/web\/wp-content\/uploads\/2024\/10\/HabitemosLaDemocraciaEpisodio11-300x273.png\" class=\"attachment-medium size-medium wp-image-14209\" alt=\"\" srcset=\"https:\/\/www.partidogen.org.ar\/web\/wp-content\/uploads\/2024\/10\/HabitemosLaDemocraciaEpisodio11-300x273.png 300w, https:\/\/www.partidogen.org.ar\/web\/wp-content\/uploads\/2024\/10\/HabitemosLaDemocraciaEpisodio11-1024x932.png 1024w, https:\/\/www.partidogen.org.ar\/web\/wp-content\/uploads\/2024\/10\/HabitemosLaDemocraciaEpisodio11-768x699.png 768w, https:\/\/www.partidogen.org.ar\/web\/wp-content\/uploads\/2024\/10\/HabitemosLaDemocraciaEpisodio11.png 1268w\" sizes=\"auto, (max-width: 300px) 100vw, 300px\" \/><\/div><\/a>\n\t\t\t\t<div class=\"elementor-post__badge\">Habitemos La Democracia<\/div>\n\t\t\t\t<div class=\"elementor-post__avatar\">\n\t\t\t\t\t<\/div>\n\t\t\t\t<div class=\"elementor-post__text\">\n\t\t\t\t<h3 class=\"elementor-post__title\">\n\t\t\t<a href=\"https:\/\/www.partidogen.org.ar\/web\/habitemos-la-democracia-episodio-11-sebastian-calderon-pedraza\/\" >\n\t\t\t\tHabitemos La Democracia \u2013\u00a0Episodio 11 \u2013Sebasti\u00e1n Calder\u00f3n Pedraza\t\t\t<\/a>\n\t\t<\/h3>\n\t\t\t\t<div class=\"elementor-post__excerpt\">\n\t\t\t<p>Abogado e historiador, y con una amplia experiencia en consultor\u00edas internacionales para gobiernos en temas de participaci\u00f3n p\u00fablica, involucramiento ciudadano y procesos de paz, Sebasti\u00e1n nos ayuda a pensar qu\u00e9 desaf\u00edos enfrentan las democracias latinoamericnas.<\/p>\n\t\t<\/div>\n\t\t\n\t\t<a class=\"elementor-post__read-more\" href=\"https:\/\/www.partidogen.org.ar\/web\/habitemos-la-democracia-episodio-11-sebastian-calderon-pedraza\/\" aria-label=\"Read more about Habitemos La Democracia \u2013\u00a0Episodio 11 \u2013Sebasti\u00e1n Calder\u00f3n Pedraza\" >\n\t\t\tLeer M\u00e1s \u00bb\t\t<\/a>\n\n\t\t\t\t<\/div>\n\t\t\t\t<div class=\"elementor-post__meta-data\">\n\t\t\t\t\t<span class=\"elementor-post-date\">\n\t\t\t29 octubre, 2024\t\t<\/span>\n\t\t\t\t<\/div>\n\t\t\t\t\t<\/div>\n\t\t<\/article>\n\t\t\t\t<article class=\"elementor-post elementor-grid-item post-14203 post type-post status-publish format-standard has-post-thumbnail hentry category-actualidad category-sin-categoria tag-libertad-de-prensa\">\n\t\t\t<div class=\"elementor-post__card\">\n\t\t\t\t<a class=\"elementor-post__thumbnail__link\" href=\"https:\/\/www.partidogen.org.ar\/web\/ataque-a-la-libertad-de-prensa\/\" ><div class=\"elementor-post__thumbnail\"><img loading=\"lazy\" decoding=\"async\" width=\"167\" height=\"300\" src=\"https:\/\/www.partidogen.org.ar\/web\/wp-content\/uploads\/2024\/10\/SergioAbrevaya29102027-167x300.png\" class=\"attachment-medium size-medium wp-image-14206\" alt=\"\" srcset=\"https:\/\/www.partidogen.org.ar\/web\/wp-content\/uploads\/2024\/10\/SergioAbrevaya29102027-167x300.png 167w, https:\/\/www.partidogen.org.ar\/web\/wp-content\/uploads\/2024\/10\/SergioAbrevaya29102027-570x1024.png 570w, https:\/\/www.partidogen.org.ar\/web\/wp-content\/uploads\/2024\/10\/SergioAbrevaya29102027-768x1379.png 768w, https:\/\/www.partidogen.org.ar\/web\/wp-content\/uploads\/2024\/10\/SergioAbrevaya29102027-855x1536.png 855w, https:\/\/www.partidogen.org.ar\/web\/wp-content\/uploads\/2024\/10\/SergioAbrevaya29102027.png 922w\" sizes=\"auto, (max-width: 167px) 100vw, 167px\" \/><\/div><\/a>\n\t\t\t\t<div class=\"elementor-post__badge\">Libertad de Prensa<\/div>\n\t\t\t\t<div class=\"elementor-post__avatar\">\n\t\t\t\t\t<\/div>\n\t\t\t\t<div class=\"elementor-post__text\">\n\t\t\t\t<h3 class=\"elementor-post__title\">\n\t\t\t<a href=\"https:\/\/www.partidogen.org.ar\/web\/ataque-a-la-libertad-de-prensa\/\" >\n\t\t\t\tAtaque a la libertad de prensa\t\t\t<\/a>\n\t\t<\/h3>\n\t\t\t\t<div class=\"elementor-post__excerpt\">\n\t\t\t<p>No podemos permitir las medidas recientes que afectan a los medios de comunicaci\u00f3n, golpeando directamente a la libertad de prensa en nuestro pa\u00eds.<\/p>\n\t\t<\/div>\n\t\t\n\t\t<a class=\"elementor-post__read-more\" href=\"https:\/\/www.partidogen.org.ar\/web\/ataque-a-la-libertad-de-prensa\/\" aria-label=\"Read more about Ataque a la libertad de prensa\" >\n\t\t\tLeer M\u00e1s \u00bb\t\t<\/a>\n\n\t\t\t\t<\/div>\n\t\t\t\t<div class=\"elementor-post__meta-data\">\n\t\t\t\t\t<span class=\"elementor-post-date\">\n\t\t\t29 octubre, 2024\t\t<\/span>\n\t\t\t\t<\/div>\n\t\t\t\t\t<\/div>\n\t\t<\/article>\n\t\t\t\t<article class=\"elementor-post elementor-grid-item post-14196 post type-post status-publish format-standard has-post-thumbnail hentry category-actualidad category-sergio-abrevaya tag-pymes\">\n\t\t\t<div class=\"elementor-post__card\">\n\t\t\t\t<a class=\"elementor-post__thumbnail__link\" href=\"https:\/\/www.partidogen.org.ar\/web\/necesitamos-ya-una-ley-que-impulse-las-pymes\/\" ><div class=\"elementor-post__thumbnail\"><img loading=\"lazy\" decoding=\"async\" width=\"192\" height=\"300\" src=\"https:\/\/www.partidogen.org.ar\/web\/wp-content\/uploads\/2024\/10\/SergioAbrevaya-192x300.png\" class=\"attachment-medium size-medium wp-image-14197\" alt=\"\" srcset=\"https:\/\/www.partidogen.org.ar\/web\/wp-content\/uploads\/2024\/10\/SergioAbrevaya-192x300.png 192w, https:\/\/www.partidogen.org.ar\/web\/wp-content\/uploads\/2024\/10\/SergioAbrevaya.png 399w\" sizes=\"auto, (max-width: 192px) 100vw, 192px\" \/><\/div><\/a>\n\t\t\t\t<div class=\"elementor-post__badge\">PYMES<\/div>\n\t\t\t\t<div class=\"elementor-post__avatar\">\n\t\t\t\t\t<\/div>\n\t\t\t\t<div class=\"elementor-post__text\">\n\t\t\t\t<h3 class=\"elementor-post__title\">\n\t\t\t<a href=\"https:\/\/www.partidogen.org.ar\/web\/necesitamos-ya-una-ley-que-impulse-las-pymes\/\" >\n\t\t\t\tNecesitamos ya una ley que impulse las PYMES\t\t\t<\/a>\n\t\t<\/h3>\n\t\t\t\t<div class=\"elementor-post__excerpt\">\n\t\t\t<p>Si queremos generar trabajo y mejorar salarios, la \u00fanica manera es exportando industria y valor agregado.<\/p>\n\t\t<\/div>\n\t\t\n\t\t<a class=\"elementor-post__read-more\" href=\"https:\/\/www.partidogen.org.ar\/web\/necesitamos-ya-una-ley-que-impulse-las-pymes\/\" aria-label=\"Read more about Necesitamos ya una ley que impulse las PYMES\" >\n\t\t\tLeer M\u00e1s \u00bb\t\t<\/a>\n\n\t\t\t\t<\/div>\n\t\t\t\t<div class=\"elementor-post__meta-data\">\n\t\t\t\t\t<span class=\"elementor-post-date\">\n\t\t\t17 octubre, 2024\t\t<\/span>\n\t\t\t\t<\/div>\n\t\t\t\t\t<\/div>\n\t\t<\/article>\n\t\t\t\t<article class=\"elementor-post elementor-grid-item post-14193 post type-post status-publish format-standard has-post-thumbnail hentry category-actualidad category-podcast-habitemos-la-democracia tag-habitemos-la-democracia\">\n\t\t\t<div class=\"elementor-post__card\">\n\t\t\t\t<a class=\"elementor-post__thumbnail__link\" href=\"https:\/\/www.partidogen.org.ar\/web\/habitemos-la-democracia-episodio-10-carina-cabo\/\" ><div class=\"elementor-post__thumbnail\"><img loading=\"lazy\" decoding=\"async\" width=\"300\" height=\"258\" src=\"https:\/\/www.partidogen.org.ar\/web\/wp-content\/uploads\/2024\/10\/Episodio10-300x258.png\" class=\"attachment-medium size-medium wp-image-14195\" alt=\"\" srcset=\"https:\/\/www.partidogen.org.ar\/web\/wp-content\/uploads\/2024\/10\/Episodio10-300x258.png 300w, https:\/\/www.partidogen.org.ar\/web\/wp-content\/uploads\/2024\/10\/Episodio10-1024x882.png 1024w, https:\/\/www.partidogen.org.ar\/web\/wp-content\/uploads\/2024\/10\/Episodio10-768x662.png 768w, https:\/\/www.partidogen.org.ar\/web\/wp-content\/uploads\/2024\/10\/Episodio10.png 1226w\" sizes=\"auto, (max-width: 300px) 100vw, 300px\" \/><\/div><\/a>\n\t\t\t\t<div class=\"elementor-post__badge\">Habitemos La Democracia<\/div>\n\t\t\t\t<div class=\"elementor-post__avatar\">\n\t\t\t\t\t<\/div>\n\t\t\t\t<div class=\"elementor-post__text\">\n\t\t\t\t<h3 class=\"elementor-post__title\">\n\t\t\t<a href=\"https:\/\/www.partidogen.org.ar\/web\/habitemos-la-democracia-episodio-10-carina-cabo\/\" >\n\t\t\t\tHabitemos La Democracia \u2013\u00a0Episodio 10 \u2013 Carina Cabo\t\t\t<\/a>\n\t\t<\/h3>\n\t\t\t\t<div class=\"elementor-post__excerpt\">\n\t\t\t<p>D\u00e9cimo episodio de Habitemos la Democracia, donde charlamos con Carina Cabo, destacada pedagoga y autora rosarina reconocida por su aporte a la educaci\u00f3n. Adem\u00e1s de su labor como escritora y docente, Carina es una defensora de los derechos de los ni\u00f1os y ni\u00f1as a acceder a una educaci\u00f3n de calidad, abogando por pr\u00e1cticas pedag\u00f3gicas que respeten la diversidad y promuevan el pensamiento cr\u00edtico y creativo.<\/p>\n\t\t<\/div>\n\t\t\n\t\t<a class=\"elementor-post__read-more\" href=\"https:\/\/www.partidogen.org.ar\/web\/habitemos-la-democracia-episodio-10-carina-cabo\/\" aria-label=\"Read more about Habitemos La Democracia \u2013\u00a0Episodio 10 \u2013 Carina Cabo\" >\n\t\t\tLeer M\u00e1s \u00bb\t\t<\/a>\n\n\t\t\t\t<\/div>\n\t\t\t\t<div class=\"elementor-post__meta-data\">\n\t\t\t\t\t<span class=\"elementor-post-date\">\n\t\t\t9 octubre, 2024\t\t<\/span>\n\t\t\t\t<\/div>\n\t\t\t\t\t<\/div>\n\t\t<\/article>\n\t\t\t\t<\/div>\n\t\t\t\t\t<span class=\"e-load-more-spinner\">\n\t\t\t\t<i aria-hidden=\"true\" class=\"fas fa-spinner\"><\/i>\t\t\t<\/span>\n\t\t\n\t\t\t\t<div class=\"e-load-more-anchor\" data-page=\"1\" data-max-page=\"79\" data-next-page=\"https:\/\/www.partidogen.org.ar\/web\/wp-json\/wp\/v2\/pages\/7921\/page\/2\/\"><\/div>\n\t\t\t\t<div class=\"elementor-button-wrapper\">\n\t\t\t<a href=\"#\" class=\"elementor-button-link elementor-button\" role=\"button\">\n\t\t\t\t\t\t<span class=\"elementor-button-content-wrapper\">\n\t\t\t\t\t\t<span class=\"elementor-button-text\">Cargar M\u00e1s<\/span>\n\t\t<\/span>\n\t\t\t\t\t<\/a>\n\t\t<\/div>\n\t\t\t\t<div class=\"e-load-more-message\"><\/div>\n\t\t\t\t<\/div>\n\t\t\t\t<\/div>\n\t\t\t\t\t<\/div>\n\t\t<\/div>\n\t\t\t\t\t\t\t<\/div>\n\t\t<\/section>\n\t\t\t\t\t\t\t<\/div>\n\t\t","protected":false},"excerpt":{"rendered":"D\u00e9cimo episodio de Habitemos la Democracia, donde charlamos con Carina Cabo, destacada pedagoga y autora rosarina reconocida por su aporte a la educaci\u00f3n. Adem\u00e1s de su labor como escritora y docente, Carina es una defensora de los derechos de los ni\u00f1os y ni\u00f1as a acceder a una educaci\u00f3n de calidad, abogando por pr\u00e1cticas pedag\u00f3gicas que [...]","protected":false},"author":1,"featured_media":0,"parent":0,"menu_order":0,"comment_status":"closed","ping_status":"closed","template":"elementor_header_footer","meta":{"footnotes":""},"class_list":["post-7921","page","type-page","status-publish","hentry"],"_links":{"self":[{"href":"https:\/\/www.partidogen.org.ar\/web\/wp-json\/wp\/v2\/pages\/7921","targetHints":{"allow":["GET"]}}],"collection":[{"href":"https:\/\/www.partidogen.org.ar\/web\/wp-json\/wp\/v2\/pages"}],"about":[{"href":"https:\/\/www.partidogen.org.ar\/web\/wp-json\/wp\/v2\/types\/page"}],"author":[{"embeddable":true,"href":"https:\/\/www.partidogen.org.ar\/web\/wp-json\/wp\/v2\/users\/1"}],"replies":[{"embeddable":true,"href":"https:\/\/www.partidogen.org.ar\/web\/wp-json\/wp\/v2\/comments?post=7921"}],"version-history":[{"count":44,"href":"https:\/\/www.partidogen.org.ar\/web\/wp-json\/wp\/v2\/pages\/7921\/revisions"}],"predecessor-version":[{"id":12900,"href":"https:\/\/www.partidogen.org.ar\/web\/wp-json\/wp\/v2\/pages\/7921\/revisions\/12900"}],"wp:attachment":[{"href":"https:\/\/www.partidogen.org.ar\/web\/wp-json\/wp\/v2\/media?parent=7921"}],"curies":[{"name":"wp","href":"https:\/\/api.w.org\/{rel}","templated":true}]}}